{"id":2025,"date":"2025-02-24T17:09:40","date_gmt":"2025-02-24T17:09:40","guid":{"rendered":"https:\/\/gsse-andorra2025.com\/and25-2\/andorra\/"},"modified":"2025-05-20T23:30:33","modified_gmt":"2025-05-20T23:30:33","slug":"andorra","status":"publish","type":"page","link":"https:\/\/gsse-andorra2025.com\/es\/and25-2\/andorra\/","title":{"rendered":"Andorra"},"content":{"rendered":"\t\t<div data-elementor-type=\"wp-page\" data-elementor-id=\"2025\" class=\"elementor elementor-2025 elementor-1359\" data-elementor-post-type=\"page\">\n\t\t\t\t<div class=\"elementor-element elementor-element-8cf9f4e c-box e-flex e-con-boxed e-con e-parent\" data-id=\"8cf9f4e\" data-element_type=\"container\" data-settings=\"{&quot;jet_parallax_layout_list&quot;:[]}\">\n\t\t\t\t\t<div class=\"e-con-inner\">\n\t\t\t\t<div class=\"elementor-element elementor-element-9796e5e elementor-widget elementor-widget-heading\" data-id=\"9796e5e\" data-element_type=\"widget\" data-widget_type=\"heading.default\">\n\t\t\t\t<div class=\"elementor-widget-container\">\n\t\t\t\t\t<h1 class=\"elementor-heading-title elementor-size-default\">BIENVENIDOS AL PRINCIPADO DE ANDORRA<\/h1>\t\t\t\t<\/div>\n\t\t\t\t<\/div>\n\t\t\t\t<div class=\"elementor-element elementor-element-2df7b03 elementor-widget elementor-widget-heading\" data-id=\"2df7b03\" data-element_type=\"widget\" data-widget_type=\"heading.default\">\n\t\t\t\t<div class=\"elementor-widget-container\">\n\t\t\t\t\t<h2 class=\"elementor-heading-title elementor-size-default\">EL PA\u00cdS DE LA NIEVE\u2026<\/h2>\t\t\t\t<\/div>\n\t\t\t\t<\/div>\n\t\t\t\t<div class=\"elementor-element elementor-element-8974f45 elementor-widget elementor-widget-text-editor\" data-id=\"8974f45\" data-element_type=\"widget\" data-widget_type=\"text-editor.default\">\n\t\t\t\t<div class=\"elementor-widget-container\">\n\t\t\t\t\t\t\t\t\t<p>Visitar el Principado de Andorra es una experiencia \u00fanica. Te invitamos a descubrir nuestro pa\u00eds, en el coraz\u00f3n de los Pirineos, con un espl\u00e9ndido entorno natural que ofrece numerosas posibilidades de ocio para disfrutar del aire libre y es uno de los atractivos m\u00e1s importantes de los 468 km2 que forman nuestro estado. \u00a1Prep\u00e1rate para convertirte en el protagonista de experiencias \u00fanicas durante tu estancia en Andorra!  <\/p>\t\t\t\t\t\t\t\t<\/div>\n\t\t\t\t<\/div>\n\t\t\t\t<div class=\"elementor-element elementor-element-6b064a3 elementor-widget elementor-widget-image\" data-id=\"6b064a3\" data-element_type=\"widget\" data-widget_type=\"image.default\">\n\t\t\t\t<div class=\"elementor-widget-container\">\n\t\t\t\t\t\t\t\t\t\t\t\t\t\t\t<img fetchpriority=\"high\" decoding=\"async\" width=\"1920\" height=\"750\" src=\"https:\/\/gsse-andorra2025.com\/wp-content\/uploads\/2025\/02\/Andorra-Jocs.webp\" class=\"attachment-full size-full wp-image-1945\" alt=\"\" srcset=\"https:\/\/gsse-andorra2025.com\/wp-content\/uploads\/2025\/02\/Andorra-Jocs.webp 1920w, https:\/\/gsse-andorra2025.com\/wp-content\/uploads\/2025\/02\/Andorra-Jocs-300x117.webp 300w, https:\/\/gsse-andorra2025.com\/wp-content\/uploads\/2025\/02\/Andorra-Jocs-1024x400.webp 1024w, https:\/\/gsse-andorra2025.com\/wp-content\/uploads\/2025\/02\/Andorra-Jocs-768x300.webp 768w, https:\/\/gsse-andorra2025.com\/wp-content\/uploads\/2025\/02\/Andorra-Jocs-1536x600.webp 1536w\" sizes=\"(max-width: 1920px) 100vw, 1920px\" \/>\t\t\t\t\t\t\t\t\t\t\t\t\t\t\t<\/div>\n\t\t\t\t<\/div>\n\t\t\t\t<div class=\"elementor-element elementor-element-1b2bca0 elementor-widget elementor-widget-heading\" data-id=\"1b2bca0\" data-element_type=\"widget\" data-widget_type=\"heading.default\">\n\t\t\t\t<div class=\"elementor-widget-container\">\n\t\t\t\t\t<h2 class=\"elementor-heading-title elementor-size-default\">\u2026 Y DE LA NATURALEZA<\/h2>\t\t\t\t<\/div>\n\t\t\t\t<\/div>\n\t\t\t\t<div class=\"elementor-element elementor-element-8876508 elementor-widget elementor-widget-text-editor\" data-id=\"8876508\" data-element_type=\"widget\" data-widget_type=\"text-editor.default\">\n\t\t\t\t<div class=\"elementor-widget-container\">\n\t\t\t\t\t\t\t\t\t<p>El 90% de su territorio es naturaleza. Adem\u00e1s, la UNESCO ha declarado el 10% de este territorio Patrimonio de la Humanidad. En verano, se convierte en una aut\u00e9ntica explosi\u00f3n de naturaleza que permite disfrutar de diversas actividades como el senderismo, la escalada o en cicloturismo.  <\/p>\t\t\t\t\t\t\t\t<\/div>\n\t\t\t\t<\/div>\n\t\t\t\t<div class=\"elementor-element elementor-element-5e1082b elementor-widget elementor-widget-heading\" data-id=\"5e1082b\" data-element_type=\"widget\" data-widget_type=\"heading.default\">\n\t\t\t\t<div class=\"elementor-widget-container\">\n\t\t\t\t\t<h2 class=\"elementor-heading-title elementor-size-default\">M\u00c1S QUE PAISAJES<\/h2>\t\t\t\t<\/div>\n\t\t\t\t<\/div>\n\t\t\t\t<div class=\"elementor-element elementor-element-2051f2a elementor-widget elementor-widget-text-editor\" data-id=\"2051f2a\" data-element_type=\"widget\" data-widget_type=\"text-editor.default\">\n\t\t\t\t<div class=\"elementor-widget-container\">\n\t\t\t\t\t\t\t\t\t<p>Andorra tambi\u00e9n te ofrece muchas cosas m\u00e1s: tiene una gran oferta cultural, que incluye una cuarentena de iglesias rom\u00e1nicas y veinti\u00fan museos esparcidos por el territorio. El Principado lo tiene todo para pasar unos d\u00edas de ensue\u00f1o combinando el turismo activo, con grandes espect\u00e1culos de la mano del Cirque du Soleil, pero tambi\u00e9n con la cultura, wellness, gastronom\u00eda y shopping. Andorra es el destino id\u00f3neo para desconectar y dedicarse a uno mismo.  <\/p>\t\t\t\t\t\t\t\t<\/div>\n\t\t\t\t<\/div>\n\t\t\t\t<div class=\"elementor-element elementor-element-958a912 elementor-widget elementor-widget-heading\" data-id=\"958a912\" data-element_type=\"widget\" data-widget_type=\"heading.default\">\n\t\t\t\t<div class=\"elementor-widget-container\">\n\t\t\t\t\t<h2 class=\"elementor-heading-title elementor-size-default\">INFORMACI\u00d3N GENERAL DE ANDORRA<\/h2>\t\t\t\t<\/div>\n\t\t\t\t<\/div>\n\t\t\t\t<div class=\"elementor-element elementor-element-dd2e2cd elementor-widget elementor-widget-heading\" data-id=\"dd2e2cd\" data-element_type=\"widget\" data-widget_type=\"heading.default\">\n\t\t\t\t<div class=\"elementor-widget-container\">\n\t\t\t\t\t<h3 class=\"elementor-heading-title elementor-size-default\">SITUACI\u00d3N GEOGR\u00c1FICA:<\/h3>\t\t\t\t<\/div>\n\t\t\t\t<\/div>\n\t\t\t\t<div class=\"elementor-element elementor-element-7705609 elementor-widget elementor-widget-text-editor\" data-id=\"7705609\" data-element_type=\"widget\" data-widget_type=\"text-editor.default\">\n\t\t\t\t<div class=\"elementor-widget-container\">\n\t\t\t\t\t\t\t\t\t<p>Pirineos Orientales, entre Francia (Ari\u00e8ge) y Espa\u00f1a (Catalu\u00f1a).<\/p>\t\t\t\t\t\t\t\t<\/div>\n\t\t\t\t<\/div>\n\t\t\t\t<div class=\"elementor-element elementor-element-6b130ca elementor-widget elementor-widget-heading\" data-id=\"6b130ca\" data-element_type=\"widget\" data-widget_type=\"heading.default\">\n\t\t\t\t<div class=\"elementor-widget-container\">\n\t\t\t\t\t<h3 class=\"elementor-heading-title elementor-size-default\">SUPERFICIE: 468 km2<\/h3>\t\t\t\t<\/div>\n\t\t\t\t<\/div>\n\t\t\t\t<div class=\"elementor-element elementor-element-6d39ebe elementor-widget elementor-widget-text-editor\" data-id=\"6d39ebe\" data-element_type=\"widget\" data-widget_type=\"text-editor.default\">\n\t\t\t\t<div class=\"elementor-widget-container\">\n\t\t\t\t\t\t\t\t\t<ul><li>8% urbanizada y cultivada<\/li><li>92% de bosques, estanques, r\u00edos y monta\u00f1as<\/li><\/ul><p><strong>CAPITAL:<\/strong> Andorra la Vella<\/p><p><strong>POBLACI\u00d3N: <\/strong>76.177 habitantes*<\/p><p><strong>MEDIA DE EDAD:<\/strong> 40 a\u00f1os*<\/p><p><strong>MONEDA OFICIAL:<\/strong> \u20ac \u2013 Euro<\/p><p>*Censo 2018<\/p>\t\t\t\t\t\t\t\t<\/div>\n\t\t\t\t<\/div>\n\t\t\t\t<div class=\"elementor-element elementor-element-556212e elementor-widget elementor-widget-heading\" data-id=\"556212e\" data-element_type=\"widget\" data-widget_type=\"heading.default\">\n\t\t\t\t<div class=\"elementor-widget-container\">\n\t\t\t\t\t<h3 class=\"elementor-heading-title elementor-size-default\">IDIOMA OFICIAL<\/h3>\t\t\t\t<\/div>\n\t\t\t\t<\/div>\n\t\t\t\t<div class=\"elementor-element elementor-element-3c3b329 elementor-widget elementor-widget-text-editor\" data-id=\"3c3b329\" data-element_type=\"widget\" data-widget_type=\"text-editor.default\">\n\t\t\t\t<div class=\"elementor-widget-container\">\n\t\t\t\t\t\t\t\t\t<p>El idioma oficial de Andorra es el catal\u00e1n, aunque debe tenerse en cuenta que la poblaci\u00f3n de nuestro pa\u00eds procede de diversas partes del mundo. Por este motivo, la presencia del castellano, franc\u00e9s y portugu\u00e9s es muy fuerte en nuestras tierras. <\/p>\t\t\t\t\t\t\t\t<\/div>\n\t\t\t\t<\/div>\n\t\t\t\t<div class=\"elementor-element elementor-element-e57a657 elementor-widget elementor-widget-heading\" data-id=\"e57a657\" data-element_type=\"widget\" data-widget_type=\"heading.default\">\n\t\t\t\t<div class=\"elementor-widget-container\">\n\t\t\t\t\t<h3 class=\"elementor-heading-title elementor-size-default\">CLIMA<\/h3>\t\t\t\t<\/div>\n\t\t\t\t<\/div>\n\t\t\t\t<div class=\"elementor-element elementor-element-b7d79ee elementor-widget elementor-widget-text-editor\" data-id=\"b7d79ee\" data-element_type=\"widget\" data-widget_type=\"text-editor.default\">\n\t\t\t\t<div class=\"elementor-widget-container\">\n\t\t\t\t\t\t\t\t\t<p>Disfrutamos de un clima de alta monta\u00f1a con influencias del mediterr\u00e1neo, con un verano caluroso y un invierno fr\u00edo con importantes nevadas. La temperatura m\u00ednima media es de -2 \u00baC y la m\u00e1xima de 24 \u00baC. Las precipitaciones en forma de nieve son frecuentes y las lluvias se concentran sobre todo entre los meses de mayo y octubre.  <\/p>\t\t\t\t\t\t\t\t<\/div>\n\t\t\t\t<\/div>\n\t\t\t\t<div class=\"elementor-element elementor-element-d66ddd6 elementor-widget elementor-widget-heading\" data-id=\"d66ddd6\" data-element_type=\"widget\" data-widget_type=\"heading.default\">\n\t\t\t\t<div class=\"elementor-widget-container\">\n\t\t\t\t\t<h3 class=\"elementor-heading-title elementor-size-default\">SISTEMA POL\u00cdTICO<\/h3>\t\t\t\t<\/div>\n\t\t\t\t<\/div>\n\t\t\t\t<div class=\"elementor-element elementor-element-be18784 elementor-widget elementor-widget-text-editor\" data-id=\"be18784\" data-element_type=\"widget\" data-widget_type=\"text-editor.default\">\n\t\t\t\t<div class=\"elementor-widget-container\">\n\t\t\t\t\t\t\t\t\t<p>Coprincipado parlamentario. La constituci\u00f3n establece la figura de los copr\u00edncipes como la del jefe del estado de Andorra de forma conjunta e indivisible. Son, a t\u00edtulo personal y exclusivo, el obispo de Urgell y el presidente de la Rep\u00fablica Francesa. Actualmente el copr\u00edncipe episcopal es S. E. Mons. Juan Enrique Vives Sicilia, y el copr\u00edncipe franc\u00e9s es S. E. Sr. Emmanuel Macron. El jefe de gobierno es el M. I. SR. Xavier Espot Zamora, cargo que ocupa desde el 15 de mayo de 2019.       <\/p>\t\t\t\t\t\t\t\t<\/div>\n\t\t\t\t<\/div>\n\t\t\t\t<div class=\"elementor-element elementor-element-743d007 elementor-widget elementor-widget-heading\" data-id=\"743d007\" data-element_type=\"widget\" data-widget_type=\"heading.default\">\n\t\t\t\t<div class=\"elementor-widget-container\">\n\t\t\t\t\t<h3 class=\"elementor-heading-title elementor-size-default\">ORGANIZACI\u00d3N ADMINISTRATIVA<\/h3>\t\t\t\t<\/div>\n\t\t\t\t<\/div>\n\t\t\t\t<div class=\"elementor-element elementor-element-d8731f4 elementor-widget elementor-widget-text-editor\" data-id=\"d8731f4\" data-element_type=\"widget\" data-widget_type=\"text-editor.default\">\n\t\t\t\t<div class=\"elementor-widget-container\">\n\t\t\t\t\t\t\t\t\t<p>El pa\u00eds se divide en 7 parroquias, que son las administraciones locales que forman Andorra: Canillo, Encamp, Ordino, La Massana, Andorra la Vella, Sant Juli\u00e0 de L\u00f2ria y Escaldes-Engordany. Estas parroquias se gestionan mediante los comunes. <\/p>\t\t\t\t\t\t\t\t<\/div>\n\t\t\t\t<\/div>\n\t\t\t\t<div class=\"elementor-element elementor-element-8639ef9 elementor-widget elementor-widget-heading\" data-id=\"8639ef9\" data-element_type=\"widget\" data-widget_type=\"heading.default\">\n\t\t\t\t<div class=\"elementor-widget-container\">\n\t\t\t\t\t<h2 class=\"elementor-heading-title elementor-size-default\">ANTES DE VENIR\u2026<\/h2>\t\t\t\t<\/div>\n\t\t\t\t<\/div>\n\t\t\t\t<div class=\"elementor-element elementor-element-1dabee4 elementor-widget elementor-widget-heading\" data-id=\"1dabee4\" data-element_type=\"widget\" data-widget_type=\"heading.default\">\n\t\t\t\t<div class=\"elementor-widget-container\">\n\t\t\t\t\t<h3 class=\"elementor-heading-title elementor-size-default\">VISADOS<\/h3>\t\t\t\t<\/div>\n\t\t\t\t<\/div>\n\t\t\t\t<div class=\"elementor-element elementor-element-82d15f1 elementor-widget elementor-widget-text-editor\" data-id=\"82d15f1\" data-element_type=\"widget\" data-widget_type=\"text-editor.default\">\n\t\t\t\t<div class=\"elementor-widget-container\">\n\t\t\t\t\t\t\t\t\t<p>Si eres ciudadano de la Uni\u00f3n Europea, no necesitas ning\u00fan visado para entrar en Andorra. Nuestro pa\u00eds ha firmado acuerdos de tr\u00e1fico con Espa\u00f1a y Francia, por lo que las personas que proceden de cualquier estado europeo no deben tramitar ning\u00fan permiso especial. Para entrar o salir de Andorra, el pasaporte o el DNI son suficientes. Por otro lado, si eres ciudadano de un pa\u00eds que no pertenece a la UE, pero s\u00ed en el espacio de Schengen, debes tener el pasaporte en vigor. Si eres ciudadano de un pa\u00eds no adscrito al espacio de Schengen, necesitas el pasaporte en vigor y un visado Schengen multientrada y multisalida para pasar previamente la frontera de Espa\u00f1a o Francia, que son pa\u00edses de paso obligatorio de camino a Andorra.    <\/p><p>MINISTERIO DE ASUNTOS EXTERIORES<br>TEL. +376 871 000<br>www.exteriores.ad <\/p>\t\t\t\t\t\t\t\t<\/div>\n\t\t\t\t<\/div>\n\t\t\t\t<div class=\"elementor-element elementor-element-90d05f8 elementor-widget elementor-widget-heading\" data-id=\"90d05f8\" data-element_type=\"widget\" data-widget_type=\"heading.default\">\n\t\t\t\t<div class=\"elementor-widget-container\">\n\t\t\t\t\t<h3 class=\"elementor-heading-title elementor-size-default\">C\u00d3MO LLEGAR<\/h3>\t\t\t\t<\/div>\n\t\t\t\t<\/div>\n\t\t\t\t<div class=\"elementor-element elementor-element-552e645 elementor-widget elementor-widget-text-editor\" data-id=\"552e645\" data-element_type=\"widget\" data-widget_type=\"text-editor.default\">\n\t\t\t\t<div class=\"elementor-widget-container\">\n\t\t\t\t\t\t\t\t\t<p><strong>Coche<br><\/strong>Se puede acceder desde Espa\u00f1a por la carretera N-145 o desde Francia por la carretera RN22.<\/p><p><strong>Autob\u00fas<\/strong><br><strong>Desde Barcelona:<\/strong><br>Salidas diarias desde las estaciones de autobuses de Sants y del Nord, desde Diagonal y tambi\u00e9n desde el aeropuerto de El Prat.<br>M\u00e1s informaci\u00f3n en: <a href=\"https:\/\/www.andbus.net\/\" target=\"_blank\" rel=\"noopener\">https:\/\/www.andbus.net\/<\/a> ; <a href=\"https:\/\/autocarsnadal.com\" target=\"_blank\" rel=\"noopener\">https:\/\/autocarsnadal.com<\/a> ; <a href=\"https:\/\/www.alsa.es\/\" target=\"_blank\" rel=\"noopener\">https:\/\/www.alsa.es\/<\/a><br><strong>Desde Lleida:<\/strong><br>Salidas diarias desde la estaci\u00f3n de RENFE.<br>M\u00e1s informaci\u00f3n en: <a href=\"http:\/\/www.andbus.net\" target=\"_blank\" rel=\"noopener\">http:\/\/www.andbus.net<\/a><br><strong>Desde Toulouse:<\/strong><br>Salidas diarias desde el aeropuerto de Blagnac y desde la estaci\u00f3n de autobuses Gare Matabiau.<br>M\u00e1s informaci\u00f3n en: <a href=\"https:\/\/www.andbus.net\/\" target=\"_blank\" rel=\"noopener\">https:\/\/www.andbus.net\/<\/a><\/p><p><strong>Avi\u00f3n<br><\/strong>Los aeropuertos m\u00e1s cercanos a Andorra son:<\/p><ul><li>El aeropuerto de El Prat de Barcelona (198 km)<\/li><li>El aeropuerto de Toulouse-Blagnac (194 km)<\/li><\/ul>\t\t\t\t\t\t\t\t<\/div>\n\t\t\t\t<\/div>\n\t\t\t\t<div class=\"elementor-element elementor-element-6ff1a24 elementor-widget elementor-widget-heading\" data-id=\"6ff1a24\" data-element_type=\"widget\" data-widget_type=\"heading.default\">\n\t\t\t\t<div class=\"elementor-widget-container\">\n\t\t\t\t\t<h3 class=\"elementor-heading-title elementor-size-default\">SERVICIOS DE SALUD<\/h3>\t\t\t\t<\/div>\n\t\t\t\t<\/div>\n\t\t\t\t<div class=\"elementor-element elementor-element-21b1014 elementor-widget elementor-widget-text-editor\" data-id=\"21b1014\" data-element_type=\"widget\" data-widget_type=\"text-editor.default\">\n\t\t\t\t<div class=\"elementor-widget-container\">\n\t\t\t\t\t\t\t\t\t<p>En el desafortunado caso de que sufras un accidente en Andorra, debes saber que el pa\u00eds ha suscrito un convenio de cobertura m\u00e9dica con Espa\u00f1a, Francia y Portugal, mediante el cual podr\u00e1s solicitar el reembolso de los gastos m\u00e9dicos en la Caixa Andorrana de Seguridad Social.<\/p><p>Si vienes de otro pa\u00eds, tendr\u00e1s que abonar los gastos derivados de la atenci\u00f3n m\u00e9dica.<\/p><p>Caixa Andorrana de Seguridad Social<br>Tel. : (+376) 870 870<br>www.cass.ad <br><br>HOSPITAL NOSTRA SENYORA DE MERITXELL<br>Av. Fiter i Rossell, 1-13<br>Escaldes-Engordany<br>TEL.  +376 871 000<\/p>\t\t\t\t\t\t\t\t<\/div>\n\t\t\t\t<\/div>\n\t\t\t\t<div class=\"elementor-element elementor-element-951c591 elementor-widget elementor-widget-heading\" data-id=\"951c591\" data-element_type=\"widget\" data-widget_type=\"heading.default\">\n\t\t\t\t<div class=\"elementor-widget-container\">\n\t\t\t\t\t<h2 class=\"elementor-heading-title elementor-size-default\">INFORMACI\u00d3N PR\u00c1CTICA<\/h2>\t\t\t\t<\/div>\n\t\t\t\t<\/div>\n\t\t\t\t<div class=\"elementor-element elementor-element-bdab21a elementor-widget elementor-widget-heading\" data-id=\"bdab21a\" data-element_type=\"widget\" data-widget_type=\"heading.default\">\n\t\t\t\t<div class=\"elementor-widget-container\">\n\t\t\t\t\t<h3 class=\"elementor-heading-title elementor-size-default\">HORARIO<\/h3>\t\t\t\t<\/div>\n\t\t\t\t<\/div>\n\t\t\t\t<div class=\"elementor-element elementor-element-91c8113 elementor-widget elementor-widget-text-editor\" data-id=\"91c8113\" data-element_type=\"widget\" data-widget_type=\"text-editor.default\">\n\t\t\t\t<div class=\"elementor-widget-container\">\n\t\t\t\t\t\t\t\t\t<p>Andorra comparte la misma zona horaria que sus pa\u00edses vecinos, Espa\u00f1a y Francia: GMT+1.<\/p>\t\t\t\t\t\t\t\t<\/div>\n\t\t\t\t<\/div>\n\t\t\t\t<div class=\"elementor-element elementor-element-3c52f7e elementor-widget elementor-widget-heading\" data-id=\"3c52f7e\" data-element_type=\"widget\" data-widget_type=\"heading.default\">\n\t\t\t\t<div class=\"elementor-widget-container\">\n\t\t\t\t\t<h3 class=\"elementor-heading-title elementor-size-default\">IMPUESTOS<\/h3>\t\t\t\t<\/div>\n\t\t\t\t<\/div>\n\t\t\t\t<div class=\"elementor-element elementor-element-16a1701 elementor-widget elementor-widget-text-editor\" data-id=\"16a1701\" data-element_type=\"widget\" data-widget_type=\"text-editor.default\">\n\t\t\t\t<div class=\"elementor-widget-container\">\n\t\t\t\t\t\t\t\t\t<p>La mayor\u00eda de compras que se realizan en Andorra est\u00e1n grabadas con el IGI (Impuesto General Indirecto), que es de tipo general y del 4,5%.<\/p>\t\t\t\t\t\t\t\t<\/div>\n\t\t\t\t<\/div>\n\t\t\t\t<div class=\"elementor-element elementor-element-320080a elementor-widget elementor-widget-heading\" data-id=\"320080a\" data-element_type=\"widget\" data-widget_type=\"heading.default\">\n\t\t\t\t<div class=\"elementor-widget-container\">\n\t\t\t\t\t<h3 class=\"elementor-heading-title elementor-size-default\">CORRIENTE EL\u00c9CTRICA<\/h3>\t\t\t\t<\/div>\n\t\t\t\t<\/div>\n\t\t\t\t<div class=\"elementor-element elementor-element-f643245 elementor-widget elementor-widget-text-editor\" data-id=\"f643245\" data-element_type=\"widget\" data-widget_type=\"text-editor.default\">\n\t\t\t\t<div class=\"elementor-widget-container\">\n\t\t\t\t\t\t\t\t\t<p>La electricidad de Andorra es de 220 V y 50 ciclos (50 hz), por lo que se recomienda disponer de los transformadores y adaptadores necesarios. Las clavijas que se utilizan en Andorra son de los tipos C y F. <\/p>\t\t\t\t\t\t\t\t<\/div>\n\t\t\t\t<\/div>\n\t\t\t\t<div class=\"elementor-element elementor-element-73470ac elementor-widget elementor-widget-heading\" data-id=\"73470ac\" data-element_type=\"widget\" data-widget_type=\"heading.default\">\n\t\t\t\t<div class=\"elementor-widget-container\">\n\t\t\t\t\t<h3 class=\"elementor-heading-title elementor-size-default\">ACCESO A INTERNET<\/h3>\t\t\t\t<\/div>\n\t\t\t\t<\/div>\n\t\t\t\t<div class=\"elementor-element elementor-element-dd3f025 elementor-widget elementor-widget-text-editor\" data-id=\"dd3f025\" data-element_type=\"widget\" data-widget_type=\"text-editor.default\">\n\t\t\t\t<div class=\"elementor-widget-container\">\n\t\t\t\t\t\t\t\t\t<p>Andorra ofrece varios puntos Wi-Fi de acceso gratuito a las estaciones de esqu\u00ed, en las calles de las principales poblaciones, en lugares p\u00fablicos y en centros comerciales. Puedes conectarte para realizar cualquier gesti\u00f3n o solicitar informaci\u00f3n. Igualmente, te informamos que existe una red p\u00fablica llamada Andorra Wi-Fi. Te podr\u00e1s conectar a la avenida Carlomagno de Escaldes-Engordany, a la avenida Meritxell de Andorra la Vella ya El Pas de la Casa. Si accedes al sitio web de Andorra Telecom, podr\u00e1s comprar el forfait que m\u00e1s te interese por utilizarla:<a href=\"https:\/\/www.andorratelecom.ad\/\" target=\"_blank\" rel=\"noopener\"> www.andorratelecom.ad<\/a><\/p>\t\t\t\t\t\t\t\t<\/div>\n\t\t\t\t<\/div>\n\t\t\t\t<div class=\"elementor-element elementor-element-8ed2910 elementor-widget elementor-widget-heading\" data-id=\"8ed2910\" data-element_type=\"widget\" data-widget_type=\"heading.default\">\n\t\t\t\t<div class=\"elementor-widget-container\">\n\t\t\t\t\t<h3 class=\"elementor-heading-title elementor-size-default\">TELEFON\u00cdA<\/h3>\t\t\t\t<\/div>\n\t\t\t\t<\/div>\n\t\t\t\t<div class=\"elementor-element elementor-element-87a0c6f elementor-widget elementor-widget-text-editor\" data-id=\"87a0c6f\" data-element_type=\"widget\" data-widget_type=\"text-editor.default\">\n\t\t\t\t<div class=\"elementor-widget-container\">\n\t\t\t\t\t\t\t\t\t<p><strong>Llamadas desde el extranjero a Andorra:<br><\/strong>+376 Codigo internacional.<\/p><p><strong>Llamadas desde Andorra al extranjero:<br><\/strong>Prefijo de acceso internacional de Andorra (00) + c\u00f3digo del pa\u00eds de destino + indicador de provincia o ciudad (si es necesario) + n\u00famero del abonado<\/p>\t\t\t\t\t\t\t\t<\/div>\n\t\t\t\t<\/div>\n\t\t\t\t<div class=\"elementor-element elementor-element-dd918f7 elementor-widget elementor-widget-heading\" data-id=\"dd918f7\" data-element_type=\"widget\" data-widget_type=\"heading.default\">\n\t\t\t\t<div class=\"elementor-widget-container\">\n\t\t\t\t\t<h2 class=\"elementor-heading-title elementor-size-default\">TEL\u00c9FONOS \u00daTILES<\/h2>\t\t\t\t<\/div>\n\t\t\t\t<\/div>\n\t\t\t\t<div class=\"elementor-element elementor-element-1840594 elementor-widget elementor-widget-text-editor\" data-id=\"1840594\" data-element_type=\"widget\" data-widget_type=\"text-editor.default\">\n\t\t\t\t<div class=\"elementor-widget-container\">\n\t\t\t\t\t\t\t\t\t<p><strong>Polic\u00eda:<\/strong><br>Oficinas: (+376) 872 000<br>Emergencias: 110<\/p><p><strong>Bomberos:<\/strong><br>Oficinas: (+376) 800 020<br>Emergencias: 118<\/p><p><strong>Hospital Nostra Senyora de Meritxell:<\/strong> (+376) 871 000<\/p><p><strong>Servicio Urgente M\u00e9dico (Sum):<\/strong> 116<\/p><p><strong>Grupo de Rescate de Monta\u00f1a:<\/strong> 112<\/p>\t\t\t\t\t\t\t\t<\/div>\n\t\t\t\t<\/div>\n\t\t\t\t\t<\/div>\n\t\t\t\t<\/div>\n\t\t\t\t<\/div>\n\t\t","protected":false},"excerpt":{"rendered":"<p>BIENVENIDOS AL PRINCIPADO DE ANDORRA EL PA\u00cdS DE LA NIEVE\u2026 Visitar el Principado de Andorra es una experiencia \u00fanica. Te invitamos a descubrir nuestro pa\u00eds, en el coraz\u00f3n de los Pirineos, con un espl\u00e9ndido entorno natural que ofrece numerosas posibilidades de ocio para disfrutar del aire libre y es uno de los atractivos m\u00e1s importantes [&hellip;]<\/p>\n","protected":false},"author":2,"featured_media":0,"parent":2024,"menu_order":15,"comment_status":"closed","ping_status":"closed","template":"elementor_header_footer","meta":{"footnotes":""},"class_list":["post-2025","page","type-page","status-publish","hentry"],"rankMath":{"parentDomain":"gsse-andorra2025.com","noFollowDomains":[],"noFollowExcludeDomains":[],"noFollowExternalLinks":false,"featuredImageNotice":"La imagen destacada debe tener al menos 200 por 200 p\u00edxeles para que Facebook y otros sitios de redes sociales puedan escogerla.","pluginReviewed":false,"postSettings":{"linkSuggestions":true,"useFocusKeyword":false},"frontEndScore":false,"postName":"andorra","permalinkFormat":"https:\/\/gsse-andorra2025.com\/es\/%pagename%\/","showLockModifiedDate":true,"assessor":{"focusKeywordLink":"https:\/\/gsse-andorra2025.com\/wp-admin\/edit.php?focus_keyword=%focus_keyword%&post_type=%post_type%","hasTOCPlugin":true,"primaryTaxonomy":false,"serpData":{"title":"","description":"Visitar el Principado de Andorra es una experiencia \u00fanica. Te invitamos a descubrir nuestro pa\u00eds, en el coraz\u00f3n de los Pirineos. ","focusKeywords":"Andorra","pillarContent":false,"canonicalUrl":"","breadcrumbTitle":"","advancedRobots":[],"facebookTitle":"","facebookDescription":"","facebookImage":"","facebookImageID":"","facebookHasOverlay":false,"facebookImageOverlay":"","facebookAuthor":"","twitterCardType":"","twitterUseFacebook":true,"twitterTitle":"","twitterDescription":"","twitterImage":"","twitterImageID":"","twitterHasOverlay":false,"twitterImageOverlay":"","twitterPlayerUrl":"","twitterPlayerSize":"","twitterPlayerStream":"","twitterPlayerStreamCtype":"","twitterAppDescription":"","twitterAppIphoneName":"","twitterAppIphoneID":"","twitterAppIphoneUrl":"","twitterAppIpadName":"","twitterAppIpadID":"","twitterAppIpadUrl":"","twitterAppGoogleplayName":"","twitterAppGoogleplayID":"","twitterAppGoogleplayUrl":"","twitterAppCountry":"","robots":{"index":true},"twitterAuthor":"nombre de usuario","primaryTerm":0,"authorName":"aymara","titleTemplate":"%title% %sep% %sitename%","descriptionTemplate":"%excerpt%","showScoreFrontend":true,"lockModifiedDate":false},"powerWords":["incre\u00edble","asombroso","maravilloso","\u00fanico","hermoso","felicidad","brillante","cautivador","carism\u00e1tico","impactante","claro","completamente","confidencial","confianza","significativo","creativo","definitivamente","delicioso","demostrar","apres\u00farate","decidido","digno","din\u00e1mico","impresionante","esencial","inspirador","innovador","intenso","eficaz","m\u00e1gico","magn\u00edfico","hist\u00f3rico","importante","incre\u00edble","indispensable","inolvidable","irresistible","legendario","luminoso","lujo","m\u00e1gico","magn\u00edfico","majestuoso","memorable","maravilloso","milagroso","motivador","necesario","nuevo","oficial","perfecto","apasionado","persuasivo","fenomenal","placer","popular","poder","prestigioso","prodigioso","profundo","pr\u00f3spero","poderoso","calidad","radiante","r\u00e1pido","exitoso","revolucionario","satisfecho","seguridad","sensacional","sereno","suntuoso","espl\u00e9ndido","sublime","sorprendente","talentoso","terror\u00edfico","\u00fanico","valor","vibrante","victorioso","vivo","verdaderamente","celoso","aut\u00e9ntico","aventurero","espectacular","exclusivo","garantizado","extraordinario","fabuloso","fascinante","formidable","genial","grandioso","gratuito","h\u00e1bil","ilimitado","impecable","infalible","infinitamente","influyente","ingenioso","inolvidable","irremplazable","l\u00edder","maestro","notable","novedoso","pionero","poderoso","reconocido","revolucionario","sorprendente","superior","triunfante","ultra","valiente","valioso","vanguardista","vigoroso","visionario","voluntad","vital","triunfo","glorioso","imparable","inigualable","inteligente","invencible","libertad","orgullo","paz","progreso","renovado","sabidur\u00eda","satisfacci\u00f3n","seguro","serenidad","superaci\u00f3n","talento","transcendente","transformador","valent\u00eda","victoria"],"diacritics":{"A":"[\\u0041\\u24B6\\uFF21\\u00C0\\u00C1\\u00C2\\u1EA6\\u1EA4\\u1EAA\\u1EA8\\u00C3\\u0100\\u0102\\u1EB0\\u1EAE\\u1EB4\\u1EB2\\u0226\\u01E0\\u00C4\\u01DE\\u1EA2\\u00C5\\u01FA\\u01CD\\u0200\\u0202\\u1EA0\\u1EAC\\u1EB6\\u1E00\\u0104\\u023A\\u2C6F]","AA":"[\\uA732]","AE":"[\\u00C6\\u01FC\\u01E2]","AO":"[\\uA734]","AU":"[\\uA736]","AV":"[\\uA738\\uA73A]","AY":"[\\uA73C]","B":"[\\u0042\\u24B7\\uFF22\\u1E02\\u1E04\\u1E06\\u0243\\u0182\\u0181]","C":"[\\u0043\\u24B8\\uFF23\\u0106\\u0108\\u010A\\u010C\\u00C7\\u1E08\\u0187\\u023B\\uA73E]","D":"[\\u0044\\u24B9\\uFF24\\u1E0A\\u010E\\u1E0C\\u1E10\\u1E12\\u1E0E\\u0110\\u018B\\u018A\\u0189\\uA779]","DZ":"[\\u01F1\\u01C4]","Dz":"[\\u01F2\\u01C5]","E":"[\\u0045\\u24BA\\uFF25\\u00C8\\u00C9\\u00CA\\u1EC0\\u1EBE\\u1EC4\\u1EC2\\u1EBC\\u0112\\u1E14\\u1E16\\u0114\\u0116\\u00CB\\u1EBA\\u011A\\u0204\\u0206\\u1EB8\\u1EC6\\u0228\\u1E1C\\u0118\\u1E18\\u1E1A\\u0190\\u018E]","F":"[\\u0046\\u24BB\\uFF26\\u1E1E\\u0191\\uA77B]","G":"[\\u0047\\u24BC\\uFF27\\u01F4\\u011C\\u1E20\\u011E\\u0120\\u01E6\\u0122\\u01E4\\u0193\\uA7A0\\uA77D\\uA77E]","H":"[\\u0048\\u24BD\\uFF28\\u0124\\u1E22\\u1E26\\u021E\\u1E24\\u1E28\\u1E2A\\u0126\\u2C67\\u2C75\\uA78D]","I":"[\\u0049\\u24BE\\uFF29\\u00CC\\u00CD\\u00CE\\u0128\\u012A\\u012C\\u0130\\u00CF\\u1E2E\\u1EC8\\u01CF\\u0208\\u020A\\u1ECA\\u012E\\u1E2C\\u0197]","J":"[\\u004A\\u24BF\\uFF2A\\u0134\\u0248]","K":"[\\u004B\\u24C0\\uFF2B\\u1E30\\u01E8\\u1E32\\u0136\\u1E34\\u0198\\u2C69\\uA740\\uA742\\uA744\\uA7A2]","L":"[\\u004C\\u24C1\\uFF2C\\u013F\\u0139\\u013D\\u1E36\\u1E38\\u013B\\u1E3C\\u1E3A\\u0141\\u023D\\u2C62\\u2C60\\uA748\\uA746\\uA780]","LJ":"[\\u01C7]","Lj":"[\\u01C8]","M":"[\\u004D\\u24C2\\uFF2D\\u1E3E\\u1E40\\u1E42\\u2C6E\\u019C]","N":"[\\u004E\\u24C3\\uFF2E\\u01F8\\u0143\\u00D1\\u1E44\\u0147\\u1E46\\u0145\\u1E4A\\u1E48\\u0220\\u019D\\uA790\\uA7A4]","NJ":"[\\u01CA]","Nj":"[\\u01CB]","O":"[\\u004F\\u24C4\\uFF2F\\u00D2\\u00D3\\u00D4\\u1ED2\\u1ED0\\u1ED6\\u1ED4\\u00D5\\u1E4C\\u022C\\u1E4E\\u014C\\u1E50\\u1E52\\u014E\\u022E\\u0230\\u00D6\\u022A\\u1ECE\\u0150\\u01D1\\u020C\\u020E\\u01A0\\u1EDC\\u1EDA\\u1EE0\\u1EDE\\u1EE2\\u1ECC\\u1ED8\\u01EA\\u01EC\\u00D8\\u01FE\\u0186\\u019F\\uA74A\\uA74C]","OI":"[\\u01A2]","OO":"[\\uA74E]","OU":"[\\u0222]","P":"[\\u0050\\u24C5\\uFF30\\u1E54\\u1E56\\u01A4\\u2C63\\uA750\\uA752\\uA754]","Q":"[\\u0051\\u24C6\\uFF31\\uA756\\uA758\\u024A]","R":"[\\u0052\\u24C7\\uFF32\\u0154\\u1E58\\u0158\\u0210\\u0212\\u1E5A\\u1E5C\\u0156\\u1E5E\\u024C\\u2C64\\uA75A\\uA7A6\\uA782]","S":"[\\u0053\\u24C8\\uFF33\\u1E9E\\u015A\\u1E64\\u015C\\u1E60\\u0160\\u1E66\\u1E62\\u1E68\\u0218\\u015E\\u2C7E\\uA7A8\\uA784]","T":"[\\u0054\\u24C9\\uFF34\\u1E6A\\u0164\\u1E6C\\u021A\\u0162\\u1E70\\u1E6E\\u0166\\u01AC\\u01AE\\u023E\\uA786]","TZ":"[\\uA728]","U":"[\\u0055\\u24CA\\uFF35\\u00D9\\u00DA\\u00DB\\u0168\\u1E78\\u016A\\u1E7A\\u016C\\u00DC\\u01DB\\u01D7\\u01D5\\u01D9\\u1EE6\\u016E\\u0170\\u01D3\\u0214\\u0216\\u01AF\\u1EEA\\u1EE8\\u1EEE\\u1EEC\\u1EF0\\u1EE4\\u1E72\\u0172\\u1E76\\u1E74\\u0244]","V":"[\\u0056\\u24CB\\uFF36\\u1E7C\\u1E7E\\u01B2\\uA75E\\u0245]","VY":"[\\uA760]","W":"[\\u0057\\u24CC\\uFF37\\u1E80\\u1E82\\u0174\\u1E86\\u1E84\\u1E88\\u2C72]","X":"[\\u0058\\u24CD\\uFF38\\u1E8A\\u1E8C]","Y":"[\\u0059\\u24CE\\uFF39\\u1EF2\\u00DD\\u0176\\u1EF8\\u0232\\u1E8E\\u0178\\u1EF6\\u1EF4\\u01B3\\u024E\\u1EFE]","Z":"[\\u005A\\u24CF\\uFF3A\\u0179\\u1E90\\u017B\\u017D\\u1E92\\u1E94\\u01B5\\u0224\\u2C7F\\u2C6B\\uA762]","a":"[\\u0061\\u24D0\\uFF41\\u1E9A\\u00E0\\u00E1\\u00E2\\u1EA7\\u1EA5\\u1EAB\\u1EA9\\u00E3\\u0101\\u0103\\u1EB1\\u1EAF\\u1EB5\\u1EB3\\u0227\\u01E1\\u00E4\\u01DF\\u1EA3\\u00E5\\u01FB\\u01CE\\u0201\\u0203\\u1EA1\\u1EAD\\u1EB7\\u1E01\\u0105\\u2C65\\u0250]","aa":"[\\uA733]","ae":"[\\u00E6\\u01FD\\u01E3]","ao":"[\\uA735]","au":"[\\uA737]","av":"[\\uA739\\uA73B]","ay":"[\\uA73D]","b":"[\\u0062\\u24D1\\uFF42\\u1E03\\u1E05\\u1E07\\u0180\\u0183\\u0253]","c":"[\\u0063\\u24D2\\uFF43\\u0107\\u0109\\u010B\\u010D\\u00E7\\u1E09\\u0188\\u023C\\uA73F\\u2184]","d":"[\\u0064\\u24D3\\uFF44\\u1E0B\\u010F\\u1E0D\\u1E11\\u1E13\\u1E0F\\u0111\\u018C\\u0256\\u0257\\uA77A]","dz":"[\\u01F3\\u01C6]","e":"[\\u0065\\u24D4\\uFF45\\u00E8\\u00E9\\u00EA\\u1EC1\\u1EBF\\u1EC5\\u1EC3\\u1EBD\\u0113\\u1E15\\u1E17\\u0115\\u0117\\u00EB\\u1EBB\\u011B\\u0205\\u0207\\u1EB9\\u1EC7\\u0229\\u1E1D\\u0119\\u1E19\\u1E1B\\u0247\\u025B\\u01DD]","f":"[\\u0066\\u24D5\\uFF46\\u1E1F\\u0192\\uA77C]","g":"[\\u0067\\u24D6\\uFF47\\u01F5\\u011D\\u1E21\\u011F\\u0121\\u01E7\\u0123\\u01E5\\u0260\\uA7A1\\u1D79\\uA77F]","h":"[\\u0068\\u24D7\\uFF48\\u0125\\u1E23\\u1E27\\u021F\\u1E25\\u1E29\\u1E2B\\u1E96\\u0127\\u2C68\\u2C76\\u0265]","hv":"[\\u0195]","i":"[\\u0069\\u24D8\\uFF49\\u00EC\\u00ED\\u00EE\\u0129\\u012B\\u012D\\u00EF\\u1E2F\\u1EC9\\u01D0\\u0209\\u020B\\u1ECB\\u012F\\u1E2D\\u0268\\u0131]","j":"[\\u006A\\u24D9\\uFF4A\\u0135\\u01F0\\u0249]","k":"[\\u006B\\u24DA\\uFF4B\\u1E31\\u01E9\\u1E33\\u0137\\u1E35\\u0199\\u2C6A\\uA741\\uA743\\uA745\\uA7A3]","l":"[\\u006C\\u24DB\\uFF4C\\u0140\\u013A\\u013E\\u1E37\\u1E39\\u013C\\u1E3D\\u1E3B\\u017F\\u0142\\u019A\\u026B\\u2C61\\uA749\\uA781\\uA747]","lj":"[\\u01C9]","m":"[\\u006D\\u24DC\\uFF4D\\u1E3F\\u1E41\\u1E43\\u0271\\u026F]","n":"[\\u006E\\u24DD\\uFF4E\\u01F9\\u0144\\u00F1\\u1E45\\u0148\\u1E47\\u0146\\u1E4B\\u1E49\\u019E\\u0272\\u0149\\uA791\\uA7A5]","nj":"[\\u01CC]","o":"[\\u006F\\u24DE\\uFF4F\\u00F2\\u00F3\\u00F4\\u1ED3\\u1ED1\\u1ED7\\u1ED5\\u00F5\\u1E4D\\u022D\\u1E4F\\u014D\\u1E51\\u1E53\\u014F\\u022F\\u0231\\u00F6\\u022B\\u1ECF\\u0151\\u01D2\\u020D\\u020F\\u01A1\\u1EDD\\u1EDB\\u1EE1\\u1EDF\\u1EE3\\u1ECD\\u1ED9\\u01EB\\u01ED\\u00F8\\u01FF\\u0254\\uA74B\\uA74D\\u0275]","oi":"[\\u01A3]","ou":"[\\u0223]","oo":"[\\uA74F]","p":"[\\u0070\\u24DF\\uFF50\\u1E55\\u1E57\\u01A5\\u1D7D\\uA751\\uA753\\uA755]","q":"[\\u0071\\u24E0\\uFF51\\u024B\\uA757\\uA759]","r":"[\\u0072\\u24E1\\uFF52\\u0155\\u1E59\\u0159\\u0211\\u0213\\u1E5B\\u1E5D\\u0157\\u1E5F\\u024D\\u027D\\uA75B\\uA7A7\\uA783]","s":"[\\u0073\\u24E2\\uFF53\\u015B\\u1E65\\u015D\\u1E61\\u0161\\u1E67\\u1E63\\u1E69\\u0219\\u015F\\u023F\\uA7A9\\uA785\\u1E9B]","ss":"[\\u00DF]","t":"[\\u0074\\u24E3\\uFF54\\u1E6B\\u1E97\\u0165\\u1E6D\\u021B\\u0163\\u1E71\\u1E6F\\u0167\\u01AD\\u0288\\u2C66\\uA787]","tz":"[\\uA729]","u":"[\\u0075\\u24E4\\uFF55\\u00F9\\u00FA\\u00FB\\u0169\\u1E79\\u016B\\u1E7B\\u016D\\u00FC\\u01DC\\u01D8\\u01D6\\u01DA\\u1EE7\\u016F\\u0171\\u01D4\\u0215\\u0217\\u01B0\\u1EEB\\u1EE9\\u1EEF\\u1EED\\u1EF1\\u1EE5\\u1E73\\u0173\\u1E77\\u1E75\\u0289]","v":"[\\u0076\\u24E5\\uFF56\\u1E7D\\u1E7F\\u028B\\uA75F\\u028C]","vy":"[\\uA761]","w":"[\\u0077\\u24E6\\uFF57\\u1E81\\u1E83\\u0175\\u1E87\\u1E85\\u1E98\\u1E89\\u2C73]","x":"[\\u0078\\u24E7\\uFF58\\u1E8B\\u1E8D]","y":"[\\u0079\\u24E8\\uFF59\\u1EF3\\u00FD\\u0177\\u1EF9\\u0233\\u1E8F\\u00FF\\u1EF7\\u1E99\\u1EF5\\u01B4\\u024F\\u1EFF]","z":"[\\u007A\\u24E9\\uFF5A\\u017A\\u1E91\\u017C\\u017E\\u1E93\\u1E95\\u01B6\\u0225\\u0240\\u2C6C\\uA763]"},"researchesTests":["contentHasTOC","contentHasShortParagraphs","contentHasAssets","keywordInTitle","keywordInMetaDescription","keywordInPermalink","keywordIn10Percent","keywordInContent","keywordInSubheadings","keywordInImageAlt","keywordDensity","keywordNotUsed","lengthContent","lengthPermalink","linksHasInternal","linksHasExternals","linksNotAllExternals","titleStartWithKeyword","titleSentiment","titleHasPowerWords","titleHasNumber","hasContentAI"],"hasRedirection":true,"hasBreadcrumb":false},"homeUrl":"https:\/\/gsse-andorra2025.com\/es\/","objectID":2025,"objectType":"post","locale":"es","localeFull":"es_ES","overlayImages":{"play":{"name":"Icono de reproducci\u00f3n","url":"https:\/\/gsse-andorra2025.com\/wp-content\/plugins\/seo-by-rank-math\/assets\/admin\/img\/icon-play.png","path":"\/home\/co0722\/web\/gsse-andorra2025.com\/public_html\/wp-content\/plugins\/seo-by-rank-math\/assets\/admin\/img\/icon-play.png","position":"middle_center"},"gif":{"name":"Icono GIF","url":"https:\/\/gsse-andorra2025.com\/wp-content\/plugins\/seo-by-rank-math\/assets\/admin\/img\/icon-gif.png","path":"\/home\/co0722\/web\/gsse-andorra2025.com\/public_html\/wp-content\/plugins\/seo-by-rank-math\/assets\/admin\/img\/icon-gif.png","position":"middle_center"}},"defautOgImage":"https:\/\/gsse-andorra2025.com\/wp-content\/plugins\/seo-by-rank-math\/assets\/admin\/img\/social-placeholder.jpg","customPermalinks":true,"isUserRegistered":false,"autoSuggestKeywords":false,"connectSiteUrl":"https:\/\/rankmath.com\/auth?site=https%3A%2F%2Fgsse-andorra2025.com%2Fes%2F&r=https%3A%2F%2Fgsse-andorra2025.com%2Fes%2Fwp-json%2Fwp%2Fv2%2Fpages%2F2025%3Fnonce%3D4ad5d0d98d","maxTags":5,"trendsIcon":"<svg viewBox=\"0 0 610 610\"><path d=\"M18.85,446,174.32,290.48l58.08,58.08L76.93,504a14.54,14.54,0,0,1-20.55,0L18.83,466.48a14.54,14.54,0,0,1,0-20.55Z\" style=\"fill:#4285f4\"\/><path d=\"M242.65,242.66,377.59,377.6l-47.75,47.75a14.54,14.54,0,0,1-20.55,0L174.37,290.43l47.75-47.75A14.52,14.52,0,0,1,242.65,242.66Z\" style=\"fill:#ea4335\"\/><polygon points=\"319.53 319.53 479.26 159.8 537.34 217.88 377.61 377.62 319.53 319.53\" style=\"fill:#fabb05\"\/><path d=\"M594.26,262.73V118.61h0a16.94,16.94,0,0,0-16.94-16.94H433.2a16.94,16.94,0,0,0-12,28.92L565.34,274.71h0a16.94,16.94,0,0,0,28.92-12Z\" style=\"fill:#34a853\"\/><rect width=\"610\" height=\"610\" style=\"fill:none\"\/><\/svg>","showScore":true,"siteFavIcon":"https:\/\/gsse-andorra2025.com\/wp-content\/uploads\/2025\/03\/cropped-favicon-32x32.png","canUser":{"general":false,"advanced":false,"snippet":false,"social":false,"analysis":false,"analytics":false,"content_ai":false},"showKeywordIntent":true,"isPro":false,"is_front_page":false,"trendsUpgradeLink":"https:\/\/rankmath.com\/pricing\/?utm_source=Plugin&utm_medium=CE%20General%20Tab%20Trends&utm_campaign=WP","trendsUpgradeLabel":"Actualizar","trendsPreviewImage":"https:\/\/gsse-andorra2025.com\/wp-content\/plugins\/seo-by-rank-math\/assets\/admin\/img\/trends-preview.jpg","currentEditor":false,"homepageData":{"assessor":{"powerWords":["incre\u00edble","asombroso","maravilloso","\u00fanico","hermoso","felicidad","brillante","cautivador","carism\u00e1tico","impactante","claro","completamente","confidencial","confianza","significativo","creativo","definitivamente","delicioso","demostrar","apres\u00farate","decidido","digno","din\u00e1mico","impresionante","esencial","inspirador","innovador","intenso","eficaz","m\u00e1gico","magn\u00edfico","hist\u00f3rico","importante","incre\u00edble","indispensable","inolvidable","irresistible","legendario","luminoso","lujo","m\u00e1gico","magn\u00edfico","majestuoso","memorable","maravilloso","milagroso","motivador","necesario","nuevo","oficial","perfecto","apasionado","persuasivo","fenomenal","placer","popular","poder","prestigioso","prodigioso","profundo","pr\u00f3spero","poderoso","calidad","radiante","r\u00e1pido","exitoso","revolucionario","satisfecho","seguridad","sensacional","sereno","suntuoso","espl\u00e9ndido","sublime","sorprendente","talentoso","terror\u00edfico","\u00fanico","valor","vibrante","victorioso","vivo","verdaderamente","celoso","aut\u00e9ntico","aventurero","espectacular","exclusivo","garantizado","extraordinario","fabuloso","fascinante","formidable","genial","grandioso","gratuito","h\u00e1bil","ilimitado","impecable","infalible","infinitamente","influyente","ingenioso","inolvidable","irremplazable","l\u00edder","maestro","notable","novedoso","pionero","poderoso","reconocido","revolucionario","sorprendente","superior","triunfante","ultra","valiente","valioso","vanguardista","vigoroso","visionario","voluntad","vital","triunfo","glorioso","imparable","inigualable","inteligente","invencible","libertad","orgullo","paz","progreso","renovado","sabidur\u00eda","satisfacci\u00f3n","seguro","serenidad","superaci\u00f3n","talento","transcendente","transformador","valent\u00eda","victoria"],"diacritics":true,"researchesTests":["contentHasTOC","contentHasShortParagraphs","contentHasAssets","keywordInTitle","keywordInMetaDescription","keywordInPermalink","keywordIn10Percent","keywordInContent","keywordInSubheadings","keywordInImageAlt","keywordDensity","keywordNotUsed","lengthContent","lengthPermalink","linksHasInternal","linksHasExternals","linksNotAllExternals","titleStartWithKeyword","titleSentiment","titleHasPowerWords","titleHasNumber","hasContentAI"],"hasBreadcrumb":false,"serpData":{"title":"%sitename% %page% %sep% %sitedesc%","description":"","titleTemplate":"%sitename% %page% %sep% %sitedesc%","descriptionTemplate":"","focusKeywords":"","breadcrumbTitle":"Home","robots":{"index":true},"advancedRobots":[],"facebookTitle":"","facebookDescription":"","facebookImage":"","facebookImageID":""}}},"tocTitle":"Table of Contents","tocExcludeHeadings":[],"listStyle":"ul"},"_links":{"self":[{"href":"https:\/\/gsse-andorra2025.com\/es\/wp-json\/wp\/v2\/pages\/2025","targetHints":{"allow":["GET"]}}],"collection":[{"href":"https:\/\/gsse-andorra2025.com\/es\/wp-json\/wp\/v2\/pages"}],"about":[{"href":"https:\/\/gsse-andorra2025.com\/es\/wp-json\/wp\/v2\/types\/page"}],"author":[{"embeddable":true,"href":"https:\/\/gsse-andorra2025.com\/es\/wp-json\/wp\/v2\/users\/2"}],"replies":[{"embeddable":true,"href":"https:\/\/gsse-andorra2025.com\/es\/wp-json\/wp\/v2\/comments?post=2025"}],"version-history":[{"count":2,"href":"https:\/\/gsse-andorra2025.com\/es\/wp-json\/wp\/v2\/pages\/2025\/revisions"}],"predecessor-version":[{"id":2746,"href":"https:\/\/gsse-andorra2025.com\/es\/wp-json\/wp\/v2\/pages\/2025\/revisions\/2746"}],"up":[{"embeddable":true,"href":"https:\/\/gsse-andorra2025.com\/es\/wp-json\/wp\/v2\/pages\/2024"}],"wp:attachment":[{"href":"https:\/\/gsse-andorra2025.com\/es\/wp-json\/wp\/v2\/media?parent=2025"}],"curies":[{"name":"wp","href":"https:\/\/api.w.org\/{rel}","templated":true}]}}